{"id":15800,"date":"2026-06-03T11:02:40","date_gmt":"2026-06-03T11:02:40","guid":{"rendered":"https:\/\/www.aezuff.org\/extranet\/?page_id=15800"},"modified":"2026-08-27T15:36:47","modified_gmt":"2026-08-27T15:36:47","slug":"procedimentos-concursais-tecnicos-superiores","status":"publish","type":"page","link":"https:\/\/www.aezuff.org\/extranet\/procedimentos-concursais-tecnicos-superiores\/","title":{"rendered":"Procedimentos Concursais T\u00e9cnicos Superiores"},"content":{"rendered":"\n<p>Publica\u00e7\u00e3o em Di\u00e1rio da Rep\u00fablica &#8211; .<a href=\"http:\/\/www.aezuff.org\/extranet\/http:\/\/www.aezuff.org\/extranet\/wp-content\/uploads\/2012\/10\/\/2026\/06\/Aviso-extrato-n.o-14048_2026_2.pdf\">http:\/\/www.aezuff.org\/extranet\/http:\/\/www.aezuff.org\/extranet\/wp-content\/uploads\/2012\/10\/\/2026\/06\/Aviso-extrato-n.o-14048_2026_2.pdf<\/a><\/p>\n\n\n\n<p><\/p>\n\n\n\n<h2 class=\"wp-block-heading\">Aviso Procedimento Concursal T\u00e9cnico Superior &#8211; Psic\u00f3logo<\/h2>\n\n\n\n<p>Aviso n.\u00ba 1\/2026 &#8211; .<a href=\"http:\/\/www.aezuff.org\/extranet\/http:\/\/www.aezuff.org\/extranet\/wp-content\/uploads\/2012\/10\/\/2026\/06\/Aviso-n.o-1_2026.pdf\">http:\/\/www.aezuff.org\/extranet\/http:\/\/www.aezuff.org\/extranet\/wp-content\/uploads\/2012\/10\/\/2026\/06\/Aviso-n.o-1_2026.pdf<\/a><\/p>\n\n\n\n<p>Ata n.\u00ba 1 &#8211; .<a href=\"http:\/\/www.aezuff.org\/extranet\/http:\/\/www.aezuff.org\/extranet\/wp-content\/uploads\/2012\/10\/\/2026\/06\/Ata-n.o-1_Psic.pdf\">http:\/\/www.aezuff.org\/extranet\/http:\/\/www.aezuff.org\/extranet\/wp-content\/uploads\/2012\/10\/\/2026\/06\/Ata-n.o-1_Psic.pdf<\/a><\/p>\n\n\n\n<p>Adenda \u00e0 Ata n.\u00ba 1 &#8211; .<a href=\"http:\/\/www.aezuff.org\/extranet\/http:\/\/www.aezuff.org\/extranet\/wp-content\/uploads\/2012\/10\/\/2026\/07\/Psicologia-Adenda-a-ata-no-1.pdf\">http:\/\/www.aezuff.org\/extranet\/http:\/\/www.aezuff.org\/extranet\/wp-content\/uploads\/2012\/10\/\/2026\/07\/Psicologia-Adenda-a-ata-no-1.pdf<\/a><\/p>\n\n\n\n<p>Anexos Ata n.\u00ba 1 &#8211; .<a href=\"http:\/\/www.aezuff.org\/extranet\/http:\/\/www.aezuff.org\/extranet\/wp-content\/uploads\/2012\/10\/\/2026\/06\/Ata-n.o-1_Psic_Anexos.pdf\">http:\/\/www.aezuff.org\/extranet\/http:\/\/www.aezuff.org\/extranet\/wp-content\/uploads\/2012\/10\/\/2026\/06\/Ata-n.o-1_Psic_Anexos.pdf<\/a><\/p>\n\n\n\n<p>Lista de admitidos com indica\u00e7\u00e3o do m\u00e9todo de sele\u00e7\u00e3o &#8211; .<a href=\"http:\/\/www.aezuff.org\/extranet\/http:\/\/www.aezuff.org\/extranet\/wp-content\/uploads\/2012\/10\/\/2026\/07\/Psicologia-Lista-admitidos-com-indicacao-do-metodo-de-selecao.pdf\">http:\/\/www.aezuff.org\/extranet\/http:\/\/www.aezuff.org\/extranet\/wp-content\/uploads\/2012\/10\/\/2026\/07\/Psicologia-Lista-admitidos-com-indicacao-do-metodo-de-selecao.pdf<\/a><\/p>\n\n\n\n<p>Lista de exclu\u00eddos &#8211; .<a href=\"http:\/\/www.aezuff.org\/extranet\/http:\/\/www.aezuff.org\/extranet\/wp-content\/uploads\/2012\/10\/\/2026\/07\/Psicologia-Lista-excluidos.pdf\">http:\/\/www.aezuff.org\/extranet\/http:\/\/www.aezuff.org\/extranet\/wp-content\/uploads\/2012\/10\/\/2026\/07\/Psicologia-Lista-excluidos.pdf<\/a><\/p>\n\n\n\n<p>Lista definitiva de Candidatos exclu\u00eddos &#8211; .<a href=\"http:\/\/www.aezuff.org\/extranet\/http:\/\/www.aezuff.org\/extranet\/wp-content\/uploads\/2012\/10\/\/2026\/07\/Lista-definitiva-de-Excluidos-Psicologia.pdf\">http:\/\/www.aezuff.org\/extranet\/http:\/\/www.aezuff.org\/extranet\/wp-content\/uploads\/2012\/10\/\/2026\/07\/Lista-definitiva-de-Excluidos-Psicologia.pdf<\/a><\/p>\n\n\n\n<p>Lista definitiva dos Candidatos admitidos com indica\u00e7\u00e3o do m\u00e9todo de sele\u00e7\u00e3o &#8211; .<a href=\"http:\/\/www.aezuff.org\/extranet\/http:\/\/www.aezuff.org\/extranet\/wp-content\/uploads\/2012\/10\/\/2026\/07\/Lista-definitiva-de-Admitidos-com-indicacao-do-Metodo-de-selecao-Psicologia.pdf\">http:\/\/www.aezuff.org\/extranet\/http:\/\/www.aezuff.org\/extranet\/wp-content\/uploads\/2012\/10\/\/2026\/07\/Lista-definitiva-de-Admitidos-com-indicacao-do-Metodo-de-selecao-Psicologia.pdf<\/a><\/p>\n\n\n\n<p>Resultados da Prova de Conhecimentos &#8211; .<a href=\"http:\/\/www.aezuff.org\/extranet\/http:\/\/www.aezuff.org\/extranet\/wp-content\/uploads\/2012\/10\/\/2026\/07\/RESULTADOS-PROVA-CONHECIMENTOS-PSICOLOGIA.pdf\">http:\/\/www.aezuff.org\/extranet\/http:\/\/www.aezuff.org\/extranet\/wp-content\/uploads\/2012\/10\/\/2026\/07\/RESULTADOS-PROVA-CONHECIMENTOS-PSICOLOGIA.pdf<\/a><\/p>\n\n\n\n<p>Resultados da Avalia\u00e7\u00e3o Curricular &#8211; .<a href=\"http:\/\/www.aezuff.org\/extranet\/http:\/\/www.aezuff.org\/extranet\/wp-content\/uploads\/2012\/10\/\/2026\/07\/Psicologia-Resultados-da-Avaliacao-Curricular.pdf\">http:\/\/www.aezuff.org\/extranet\/http:\/\/www.aezuff.org\/extranet\/wp-content\/uploads\/2012\/10\/\/2026\/07\/Psicologia-Resultados-da-Avaliacao-Curricular.pdf<\/a><\/p>\n\n\n\n<p>Resultado do M\u00e9todo de sele\u00e7\u00e3o Avalia\u00e7\u00e3o Psicol\u00f3gica- T\u00e9cnico superior de Psicologia &#8211; .<a href=\"http:\/\/www.aezuff.org\/extranet\/http:\/\/www.aezuff.org\/extranet\/wp-content\/uploads\/2012\/10\/\/2026\/08\/Psicologia-resultados-da-Avaliacao-Psicologica.pdf\">http:\/\/www.aezuff.org\/extranet\/http:\/\/www.aezuff.org\/extranet\/wp-content\/uploads\/2012\/10\/\/2026\/08\/Psicologia-resultados-da-Avaliacao-Psicologica.pdf<\/a><\/p>\n\n\n\n<p>Projeto de lista de ordena\u00e7\u00e3o final &#8211; Psicologia &#8211; .<a href=\"http:\/\/www.aezuff.org\/extranet\/http:\/\/www.aezuff.org\/extranet\/wp-content\/uploads\/2012\/10\/\/2026\/08\/Projeto-de-lista-de-ordenacao-final-Psicologia.pdf\">http:\/\/www.aezuff.org\/extranet\/http:\/\/www.aezuff.org\/extranet\/wp-content\/uploads\/2012\/10\/\/2026\/08\/Projeto-de-lista-de-ordenacao-final-Psicologia.pdf<\/a><\/p>\n\n\n\n<p>Lista homologada &#8211; Psicologia &#8211; .<a href=\"http:\/\/www.aezuff.org\/extranet\/http:\/\/www.aezuff.org\/extranet\/wp-content\/uploads\/2012\/10\/\/2026\/08\/PSICOLOGOS.-LISTA-HOMOLOGADA.pdf\">http:\/\/www.aezuff.org\/extranet\/http:\/\/www.aezuff.org\/extranet\/wp-content\/uploads\/2012\/10\/\/2026\/08\/PSICOLOGOS.-LISTA-HOMOLOGADA.pdf<\/a><\/p>\n\n\n\n<h2 class=\"wp-block-heading\">Aviso Procedimento Concursal T\u00e9cnico Superior &#8211; Servi\u00e7o Social<\/h2>\n\n\n\n<p>Aviso n.\u00ba 2\/2026 &#8211; .<a href=\"http:\/\/www.aezuff.org\/extranet\/http:\/\/www.aezuff.org\/extranet\/wp-content\/uploads\/2012\/10\/\/2026\/06\/Aviso-n.o-2_2026.pdf\">http:\/\/www.aezuff.org\/extranet\/http:\/\/www.aezuff.org\/extranet\/wp-content\/uploads\/2012\/10\/\/2026\/06\/Aviso-n.o-2_2026.pdf<\/a><\/p>\n\n\n\n<p>Ata n.\u00ba 1 &#8211; .<a href=\"http:\/\/www.aezuff.org\/extranet\/http:\/\/www.aezuff.org\/extranet\/wp-content\/uploads\/2012\/10\/\/2026\/06\/Ata-n.o-1_SS.pdf\">http:\/\/www.aezuff.org\/extranet\/http:\/\/www.aezuff.org\/extranet\/wp-content\/uploads\/2012\/10\/\/2026\/06\/Ata-n.o-1_SS.pdf<\/a><\/p>\n\n\n\n<p>Adenda \u00e0 Ata n.\u00ba 1 &#8211; .<a href=\"http:\/\/www.aezuff.org\/extranet\/http:\/\/www.aezuff.org\/extranet\/wp-content\/uploads\/2012\/10\/\/2026\/07\/Servico-Social-Adenda-a-ata-n.o-1.pdf\">http:\/\/www.aezuff.org\/extranet\/http:\/\/www.aezuff.org\/extranet\/wp-content\/uploads\/2012\/10\/\/2026\/07\/Servico-Social-Adenda-a-ata-n.o-1.pdf<\/a><\/p>\n\n\n\n<p>Anexos Ata n.\u00ba 1 &#8211; .<a href=\"http:\/\/www.aezuff.org\/extranet\/http:\/\/www.aezuff.org\/extranet\/wp-content\/uploads\/2012\/10\/\/2026\/06\/Ata-n.o-1_SS_Anexos.pdf\">http:\/\/www.aezuff.org\/extranet\/http:\/\/www.aezuff.org\/extranet\/wp-content\/uploads\/2012\/10\/\/2026\/06\/Ata-n.o-1_SS_Anexos.pdf<\/a><\/p>\n\n\n\n<p>Lista de admitidos com indica\u00e7\u00e3o do m\u00e9todo de sele\u00e7\u00e3o &#8211; .<a href=\"http:\/\/www.aezuff.org\/extranet\/http:\/\/www.aezuff.org\/extranet\/wp-content\/uploads\/2012\/10\/\/2026\/07\/Servico-social-Lista-de-admitidos-com-metodo-de-selecao.pdf\">http:\/\/www.aezuff.org\/extranet\/http:\/\/www.aezuff.org\/extranet\/wp-content\/uploads\/2012\/10\/\/2026\/07\/Servico-social-Lista-de-admitidos-com-metodo-de-selecao.pdf<\/a><\/p>\n\n\n\n<p>Lista de exclu\u00eddos &#8211; .<a href=\"http:\/\/www.aezuff.org\/extranet\/http:\/\/www.aezuff.org\/extranet\/wp-content\/uploads\/2012\/10\/\/2026\/07\/Servico-social-Lista-Excluidos.pdf\">http:\/\/www.aezuff.org\/extranet\/http:\/\/www.aezuff.org\/extranet\/wp-content\/uploads\/2012\/10\/\/2026\/07\/Servico-social-Lista-Excluidos.pdf<\/a><\/p>\n\n\n\n<p>Lista definitiva de Candidatos exclu\u00eddos &#8211; .<a href=\"http:\/\/www.aezuff.org\/extranet\/http:\/\/www.aezuff.org\/extranet\/wp-content\/uploads\/2012\/10\/\/2026\/07\/Lista-definitiva-de-Excluidos-a-concurso-Servico-Social.pdf\">http:\/\/www.aezuff.org\/extranet\/http:\/\/www.aezuff.org\/extranet\/wp-content\/uploads\/2012\/10\/\/2026\/07\/Lista-definitiva-de-Excluidos-a-concurso-Servico-Social.pdf<\/a><\/p>\n\n\n\n<p>Lista definitiva dos Candidatos admitidos com indica\u00e7\u00e3o do m\u00e9todo de sele\u00e7\u00e3o &#8211; .<a href=\"http:\/\/www.aezuff.org\/extranet\/http:\/\/www.aezuff.org\/extranet\/wp-content\/uploads\/2012\/10\/\/2026\/07\/Lista-definitiva-de-Admitidos-com-indicacao-do-Metodo-de-selecao-Servico-Social.pdf\">http:\/\/www.aezuff.org\/extranet\/http:\/\/www.aezuff.org\/extranet\/wp-content\/uploads\/2012\/10\/\/2026\/07\/Lista-definitiva-de-Admitidos-com-indicacao-do-Metodo-de-selecao-Servico-Social.pdf<\/a><\/p>\n\n\n\n<p>Resultados da Prova de Conhecimentos &#8211; .<a href=\"http:\/\/www.aezuff.org\/extranet\/http:\/\/www.aezuff.org\/extranet\/wp-content\/uploads\/2012\/10\/\/2026\/07\/Servico-Social-Resultados-da-Prova-de-Conhecimentos.pdf\">http:\/\/www.aezuff.org\/extranet\/http:\/\/www.aezuff.org\/extranet\/wp-content\/uploads\/2012\/10\/\/2026\/07\/Servico-Social-Resultados-da-Prova-de-Conhecimentos.pdf<\/a><\/p>\n\n\n\n<p>Resultados da Prova de Conhecimentos &#8211; Retifica\u00e7\u00e3o &#8211; .<a href=\"http:\/\/www.aezuff.org\/extranet\/http:\/\/www.aezuff.org\/extranet\/wp-content\/uploads\/2012\/10\/\/2026\/07\/Servico-Social-Resultados-da-Prova-de-Conhecimentos-Retificacao.pdf\">http:\/\/www.aezuff.org\/extranet\/http:\/\/www.aezuff.org\/extranet\/wp-content\/uploads\/2012\/10\/\/2026\/07\/Servico-Social-Resultados-da-Prova-de-Conhecimentos-Retificacao.pdf<\/a><\/p>\n\n\n\n<p>Resultados da Avalia\u00e7\u00e3o Curricular &#8211; .<a href=\"http:\/\/www.aezuff.org\/extranet\/http:\/\/www.aezuff.org\/extranet\/wp-content\/uploads\/2012\/10\/\/2026\/07\/Servico-Social-Resultados-da-Avaliacao-Curricular.pdf\">http:\/\/www.aezuff.org\/extranet\/http:\/\/www.aezuff.org\/extranet\/wp-content\/uploads\/2012\/10\/\/2026\/07\/Servico-Social-Resultados-da-Avaliacao-Curricular.pdf<\/a><\/p>\n\n\n\n<p>Resultado do M\u00e9todo de sele\u00e7\u00e3o Avalia\u00e7\u00e3o Psicol\u00f3gica-&nbsp; T\u00e9cnico superior de Servi\u00e7o social &#8211; .<a href=\"http:\/\/www.aezuff.org\/extranet\/http:\/\/www.aezuff.org\/extranet\/wp-content\/uploads\/2012\/10\/\/2026\/08\/Servico-Social-Resultado-da-Avaliacao-psicologica.pdf\">http:\/\/www.aezuff.org\/extranet\/http:\/\/www.aezuff.org\/extranet\/wp-content\/uploads\/2012\/10\/\/2026\/08\/Servico-Social-Resultado-da-Avaliacao-psicologica.pdf<\/a><\/p>\n\n\n\n<p><br \/>Projeto de lista de ordena\u00e7\u00e3o final &#8211; Servi\u00e7o Social &#8211; .<a href=\"http:\/\/www.aezuff.org\/extranet\/http:\/\/www.aezuff.org\/extranet\/wp-content\/uploads\/2012\/10\/\/2026\/08\/Projeto-de-lista-de-ordenacao-final-Servico-Social.pdf\">http:\/\/www.aezuff.org\/extranet\/http:\/\/www.aezuff.org\/extranet\/wp-content\/uploads\/2012\/10\/\/2026\/08\/Projeto-de-lista-de-ordenacao-final-Servico-Social.pdf<\/a><\/p>\n\n\n\n<p>Lista homologada &#8211; .<a href=\"http:\/\/www.aezuff.org\/extranet\/http:\/\/www.aezuff.org\/extranet\/wp-content\/uploads\/2012\/10\/\/2026\/08\/Servico-Social-LISTA-HOMOLOGADA.pdf\">http:\/\/www.aezuff.org\/extranet\/http:\/\/www.aezuff.org\/extranet\/wp-content\/uploads\/2012\/10\/\/2026\/08\/Servico-Social-LISTA-HOMOLOGADA.pdf<\/a><\/p>\n\n\n\n<h2 class=\"wp-block-heading\">Anexo III- Audi\u00eancia de interessados<\/h2>\n\n\n\n<p>.<a href=\"http:\/\/www.aezuff.org\/extranet\/http:\/\/www.aezuff.org\/extranet\/wp-content\/uploads\/2012\/10\/\/2026\/07\/Anexo-III-Audiencia-de-interessados.pdf\">http:\/\/www.aezuff.org\/extranet\/http:\/\/www.aezuff.org\/extranet\/wp-content\/uploads\/2012\/10\/\/2026\/07\/Anexo-III-Audiencia-de-interessados.pdf<\/a><\/p>\n","protected":false},"excerpt":{"rendered":"<p>Publica\u00e7\u00e3o em Di\u00e1rio da Rep\u00fablica &#8211; .http:\/\/www.aezuff.org\/extranet\/http:\/\/www.aezuff.org\/extranet\/wp-content\/uploads\/2012\/10\/\/2026\/06\/Aviso-extrato-n.o-14048_2026_2.pdf Aviso Procedimento Concursal T\u00e9cnico Superior &#8211; Psic\u00f3logo Aviso n.\u00ba 1\/2026 &#8211; .http:\/\/www.aezuff.org\/extranet\/http:\/\/www.aezuff.org\/extranet\/wp-content\/uploads\/2012\/10\/\/2026\/06\/Aviso-n.o-1_2026.pdf Ata n.\u00ba 1 &#8211; .http:\/\/www.aezuff.org\/extranet\/http:\/\/www.aezuff.org\/extranet\/wp-content\/uploads\/2012\/10\/\/2026\/06\/Ata-n.o-1_Psic.pdf Adenda \u00e0 Ata n.\u00ba 1 &#8211; .http:\/\/www.aezuff.org\/extranet\/http:\/\/www.aezuff.org\/extranet\/wp-content\/uploads\/2012\/10\/\/2026\/07\/Psicologia-Adenda-a-ata-no-1.pdf Anexos Ata n.\u00ba&#46;&#46;&#46;<\/p>\n","protected":false},"author":1,"featured_media":0,"parent":0,"menu_order":0,"comment_status":"closed","ping_status":"closed","template":"","meta":{"footnotes":""},"_links":{"self":[{"href":"https:\/\/www.aezuff.org\/extranet\/wp-json\/wp\/v2\/pages\/15800"}],"collection":[{"href":"https:\/\/www.aezuff.org\/extranet\/wp-json\/wp\/v2\/pages"}],"about":[{"href":"https:\/\/www.aezuff.org\/extranet\/wp-json\/wp\/v2\/types\/page"}],"author":[{"embeddable":true,"href":"https:\/\/www.aezuff.org\/extranet\/wp-json\/wp\/v2\/users\/1"}],"replies":[{"embeddable":true,"href":"https:\/\/www.aezuff.org\/extranet\/wp-json\/wp\/v2\/comments?post=15800"}],"version-history":[{"count":14,"href":"https:\/\/www.aezuff.org\/extranet\/wp-json\/wp\/v2\/pages\/15800\/revisions"}],"predecessor-version":[{"id":15905,"href":"https:\/\/www.aezuff.org\/extranet\/wp-json\/wp\/v2\/pages\/15800\/revisions\/15905"}],"wp:attachment":[{"href":"https:\/\/www.aezuff.org\/extranet\/wp-json\/wp\/v2\/media?parent=15800"}],"curies":[{"name":"wp","href":"https:\/\/api.w.org\/{rel}","templated":true}]}}