{"id":4104,"date":"2019-10-07T00:41:00","date_gmt":"2019-10-07T00:41:00","guid":{"rendered":"http:\/\/www.aezuff.org\/extranet\/?page_id=4104"},"modified":"2025-12-15T15:20:52","modified_gmt":"2025-12-15T15:20:52","slug":"criterios-avaliacao-2-ociclo","status":"publish","type":"page","link":"https:\/\/www.aezuff.org\/extranet\/avaliacao\/criterios-avaliacao-2-ociclo\/","title":{"rendered":"Planifica\u00e7\u00e3o de Avalia\u00e7\u00e3o 2025\/2026"},"content":{"rendered":"<h2 style=\"text-align: center;\"><a href=\"http:\/\/www.aezuff.org\/extranet\/http:\/\/www.aezuff.org\/extranet\/wp-content\/uploads\/2012\/10\/\/2025\/12\/Orientacoes-Gerais-Relativas-ao-Processo-de-Avaliacao-outubro-2025.pdf\"><span class=\"ms-rteFontSize-2 ms-rteThemeForeColor-2-0\" style=\"color: #0000ff;\"><strong>Departamento Educa\u00e7\u00e3o Pr\u00e9-Escolar<\/strong><\/span><\/a><\/h2>\n<hr \/>\n<h2 style=\"text-align: center;\"><span style=\"color: #993366;\"><span class=\"ms-rteFontSize-2 ms-rteThemeForeColor-2-0\"><strong>Departamento 1.\u00ba Ciclo<\/strong><\/span><\/span><\/h2>\n<h3 style=\"text-align: center;\"><span style=\"color: #993366;\"><strong>1.\u00ba Ano<\/strong><\/span><\/h3>\n<p style=\"text-align: left;\"><a href=\"http:\/\/www.aezuff.org\/extranet\/http:\/\/www.aezuff.org\/extranet\/wp-content\/uploads\/2012\/10\/\/2025\/12\/Portugues.pdf\">Portugu\u00eas<\/a> | <a href=\"http:\/\/www.aezuff.org\/extranet\/http:\/\/www.aezuff.org\/extranet\/wp-content\/uploads\/2012\/10\/\/2025\/12\/Matematica.pdf\">Matem\u00e1tica<\/a> | <a href=\"http:\/\/www.aezuff.org\/extranet\/http:\/\/www.aezuff.org\/extranet\/wp-content\/uploads\/2012\/10\/\/2024\/11\/Estudo_do_Meio.pdf\">Estudo do Meio<\/a> | <a href=\"http:\/\/www.aezuff.org\/extranet\/http:\/\/www.aezuff.org\/extranet\/wp-content\/uploads\/2012\/10\/\/2025\/12\/Cidadania_e_Desenvolvimento.pdf\">Cidadania e Desenvolvimento<\/a> | <a href=\"http:\/\/www.aezuff.org\/extranet\/http:\/\/www.aezuff.org\/extranet\/wp-content\/uploads\/2012\/10\/\/2025\/12\/Apoio_ao_Estudo.pdf\">Apoio ao Estudo<\/a> | <a href=\"http:\/\/www.aezuff.org\/extranet\/http:\/\/www.aezuff.org\/extranet\/wp-content\/uploads\/2012\/10\/\/2025\/12\/OC_Trabalho_de_Projeto.pdf\">Oferta Complementar<\/a> | <a href=\"http:\/\/www.aezuff.org\/extranet\/http:\/\/www.aezuff.org\/extranet\/wp-content\/uploads\/2012\/10\/\/2025\/12\/Educacao_Fisica.pdf\">Educa\u00e7\u00e3o F\u00edsica<\/a> | Educa\u00e7\u00e3o Art\u00edstica &#8211; <a href=\"http:\/\/www.aezuff.org\/extranet\/http:\/\/www.aezuff.org\/extranet\/wp-content\/uploads\/2012\/10\/\/2025\/12\/Ed.Artistica-Exp.Dramatica_Teatro.pdf\">Express\u00e3o Dram\u00e1tica\/Teatro<\/a>, <a href=\"http:\/\/www.aezuff.org\/extranet\/http:\/\/www.aezuff.org\/extranet\/wp-content\/uploads\/2012\/10\/\/2025\/12\/Ed.Artistica-Danca.pdf\">Dan\u00e7a<\/a>, <a href=\"http:\/\/www.aezuff.org\/extranet\/http:\/\/www.aezuff.org\/extranet\/wp-content\/uploads\/2012\/10\/\/2025\/12\/Ed.Artistica-Musica.pdf\">M\u00fasica<\/a>, <a href=\"http:\/\/www.aezuff.org\/extranet\/http:\/\/www.aezuff.org\/extranet\/wp-content\/uploads\/2012\/10\/\/2025\/12\/Ed.Artistica-Artes_Visuais.pdf\">Artes Visuais<\/a> | <a href=\"http:\/\/www.aezuff.org\/extranet\/http:\/\/www.aezuff.org\/extranet\/wp-content\/uploads\/2012\/10\/\/2025\/12\/AEZUFF-Planificacao-da-Av.-EMRC-2025_2026_1o-ciclo.pdf\">EMR<\/a><\/p>\n<hr \/>\n<h3 style=\"text-align: center;\"><span style=\"color: #993366;\"><strong>2.\u00ba Ano<\/strong><\/span><\/h3>\n<p><a href=\"http:\/\/www.aezuff.org\/extranet\/http:\/\/www.aezuff.org\/extranet\/wp-content\/uploads\/2012\/10\/\/2025\/12\/Portugues-1.pdf\">Portugu\u00eas<\/a> | <a href=\"http:\/\/www.aezuff.org\/extranet\/http:\/\/www.aezuff.org\/extranet\/wp-content\/uploads\/2012\/10\/\/2025\/12\/Matematica-1.pdf\">Matem\u00e1tica<\/a> | <a href=\"http:\/\/www.aezuff.org\/extranet\/http:\/\/www.aezuff.org\/extranet\/wp-content\/uploads\/2012\/10\/\/2025\/12\/Estudo_do_Meio.pdf\">Estudo do Meio<\/a> | <a href=\"http:\/\/www.aezuff.org\/extranet\/http:\/\/www.aezuff.org\/extranet\/wp-content\/uploads\/2012\/10\/\/2025\/12\/Cidadania_e_Desenvolvimento-1.pdf\">Cidadania e Desenvolvimento<\/a> | <a href=\"http:\/\/www.aezuff.org\/extranet\/http:\/\/www.aezuff.org\/extranet\/wp-content\/uploads\/2012\/10\/\/2025\/12\/Apoio_ao_Estudo-1.pdf\">Apoio ao Estudo<\/a> | <a href=\"http:\/\/www.aezuff.org\/extranet\/http:\/\/www.aezuff.org\/extranet\/wp-content\/uploads\/2012\/10\/\/2025\/12\/OC_Trabalho_de_Projeto-1.pdf\">Oferta Complementar<\/a> | <a href=\"http:\/\/www.aezuff.org\/extranet\/http:\/\/www.aezuff.org\/extranet\/wp-content\/uploads\/2012\/10\/\/2025\/12\/Educacao_Fisica-1.pdf\">Educa\u00e7\u00e3o F\u00edsica<\/a> | Educa\u00e7\u00e3o Art\u00edstica &#8211; <a href=\"http:\/\/www.aezuff.org\/extranet\/http:\/\/www.aezuff.org\/extranet\/wp-content\/uploads\/2012\/10\/\/2024\/11\/Teatro.pdf\">Express\u00e3o Dram\u00e1tica\/ <\/a><\/p>\n<p><a href=\"http:\/\/www.aezuff.org\/extranet\/http:\/\/www.aezuff.org\/extranet\/wp-content\/uploads\/2012\/10\/\/2025\/12\/Educacao_Artstica-Teatro.pdf\">Teatro<\/a>, <a href=\"http:\/\/www.aezuff.org\/extranet\/http:\/\/www.aezuff.org\/extranet\/wp-content\/uploads\/2012\/10\/\/2025\/12\/Educacao_Artstica-Danca.pdf\">Dan\u00e7a<\/a>, <a href=\"http:\/\/www.aezuff.org\/extranet\/http:\/\/www.aezuff.org\/extranet\/wp-content\/uploads\/2012\/10\/\/2025\/12\/Educacao_Artstica-Musica.pdf\">M\u00fasica<\/a>, <a href=\"http:\/\/www.aezuff.org\/extranet\/http:\/\/www.aezuff.org\/extranet\/wp-content\/uploads\/2012\/10\/\/2025\/12\/Educacao_Artstica-Artes_Visuais.pdf\">Artes Visuais<\/a> | <a href=\"http:\/\/www.aezuff.org\/extranet\/http:\/\/www.aezuff.org\/extranet\/wp-content\/uploads\/2012\/10\/\/2025\/12\/AEZUFF-Planificacao-da-Av.-EMRC-2025_2026_1o-ciclo.pdf\">EMR<\/a><\/p>\n<hr \/>\n<h3 style=\"text-align: center;\"><span style=\"color: #993366;\"><strong>3.\u00ba Ano<\/strong><\/span><\/h3>\n<p><a href=\"http:\/\/www.aezuff.org\/extranet\/http:\/\/www.aezuff.org\/extranet\/wp-content\/uploads\/2012\/10\/\/2024\/11\/Portugues-1.pdf\">Portugu\u00eas<\/a> | <a href=\"http:\/\/www.aezuff.org\/extranet\/http:\/\/www.aezuff.org\/extranet\/wp-content\/uploads\/2012\/10\/\/2025\/12\/Matematica-2.pdf\">Matem\u00e1tica<\/a> | <a href=\"http:\/\/www.aezuff.org\/extranet\/http:\/\/www.aezuff.org\/extranet\/wp-content\/uploads\/2012\/10\/\/2025\/12\/Estudo_do_Meio-1.pdf\">Estudo do Meio<\/a> | <a href=\"http:\/\/www.aezuff.org\/extranet\/http:\/\/www.aezuff.org\/extranet\/wp-content\/uploads\/2012\/10\/\/2025\/12\/Ingles.pdf\">Ingl\u00eas<\/a> | <a href=\"http:\/\/www.aezuff.org\/extranet\/http:\/\/www.aezuff.org\/extranet\/wp-content\/uploads\/2012\/10\/\/2025\/12\/Cidadania_e_Desenvolvimento-2.pdf\">Cidadania e Desenvolvimento<\/a> | <a href=\"http:\/\/www.aezuff.org\/extranet\/http:\/\/www.aezuff.org\/extranet\/wp-content\/uploads\/2012\/10\/\/2024\/11\/Apoio_ao_Estudo-2.pdf\">Apoio ao Estudo<\/a> | <a href=\"http:\/\/www.aezuff.org\/extranet\/http:\/\/www.aezuff.org\/extranet\/wp-content\/uploads\/2012\/10\/\/2024\/11\/OC_Programacao.pdf\">Oferta Complementar<\/a> | <a href=\"http:\/\/www.aezuff.org\/extranet\/http:\/\/www.aezuff.org\/extranet\/wp-content\/uploads\/2012\/10\/\/2025\/12\/Educacao_Fisica-2.pdf\">Educa\u00e7\u00e3o F\u00edsica<\/a> | Educa\u00e7\u00e3o Art\u00edstica &#8211; <a href=\"http:\/\/www.aezuff.org\/extranet\/http:\/\/www.aezuff.org\/extranet\/wp-content\/uploads\/2012\/10\/\/2025\/12\/Ed_Artistica-Exp.Dramatica_Teatro.pdf\">Express\u00e3o Dram\u00e1tica\/Teatro<\/a>, <a href=\"http:\/\/www.aezuff.org\/extranet\/http:\/\/www.aezuff.org\/extranet\/wp-content\/uploads\/2012\/10\/\/2025\/12\/Ed_Artistica-Danca.pdf\">Dan\u00e7a<\/a>, <a href=\"http:\/\/www.aezuff.org\/extranet\/http:\/\/www.aezuff.org\/extranet\/wp-content\/uploads\/2012\/10\/\/2025\/12\/Ed_Artistica-Musica.pdf\">M\u00fasica<\/a>, <a href=\"http:\/\/www.aezuff.org\/extranet\/http:\/\/www.aezuff.org\/extranet\/wp-content\/uploads\/2012\/10\/\/2025\/12\/Ed_Artistica-Artes_Visuais.pdf\">Artes Visuais<\/a> | <a href=\"http:\/\/www.aezuff.org\/extranet\/http:\/\/www.aezuff.org\/extranet\/wp-content\/uploads\/2012\/10\/\/2025\/12\/AEZUFF-Planificacao-da-Av.-EMRC-2025_2026_1o-ciclo.pdf\">EMR<\/a><\/p>\n<hr \/>\n<h3 style=\"text-align: center;\"><span style=\"color: #993366;\"><strong>4.\u00ba Ano<\/strong><\/span><\/h3>\n<p><a href=\"http:\/\/www.aezuff.org\/extranet\/http:\/\/www.aezuff.org\/extranet\/wp-content\/uploads\/2012\/10\/\/2025\/12\/Portugues-3.pdf\">Portugu\u00eas<\/a> | <a href=\"http:\/\/www.aezuff.org\/extranet\/http:\/\/www.aezuff.org\/extranet\/wp-content\/uploads\/2012\/10\/\/2025\/12\/Matematica-.pdf\">Matem\u00e1tica<\/a> | <a href=\"http:\/\/www.aezuff.org\/extranet\/http:\/\/www.aezuff.org\/extranet\/wp-content\/uploads\/2012\/10\/\/2025\/12\/Estudo-do-Meio.pdf\">Estudo do Meio<\/a> | <a href=\"http:\/\/www.aezuff.org\/extranet\/http:\/\/www.aezuff.org\/extranet\/wp-content\/uploads\/2012\/10\/\/2025\/12\/Ingles-1.pdf\">Ingl\u00eas<\/a> | <a href=\"http:\/\/www.aezuff.org\/extranet\/http:\/\/www.aezuff.org\/extranet\/wp-content\/uploads\/2012\/10\/\/2025\/12\/Cidadania_e_Desenvolvimento-3.pdf\">Cidadania e Desenvolvimento<\/a> | <a href=\"http:\/\/www.aezuff.org\/extranet\/http:\/\/www.aezuff.org\/extranet\/wp-content\/uploads\/2012\/10\/\/2025\/12\/Apoio_ao_Estudo-2.pdf\">Apoio ao Estudo<\/a> | <a href=\"http:\/\/www.aezuff.org\/extranet\/http:\/\/www.aezuff.org\/extranet\/wp-content\/uploads\/2012\/10\/\/2025\/12\/OC_Programacao-1.pdf\">Oferta Complementar<\/a> | <a href=\"http:\/\/www.aezuff.org\/extranet\/http:\/\/www.aezuff.org\/extranet\/wp-content\/uploads\/2012\/10\/\/2025\/12\/Educacao_Fisica-3.pdf\">Educa\u00e7\u00e3o F\u00edsica<\/a> | Educa\u00e7\u00e3o Art\u00edstica &#8211; <a href=\"http:\/\/www.aezuff.org\/extranet\/http:\/\/www.aezuff.org\/extranet\/wp-content\/uploads\/2012\/10\/\/2025\/12\/Ed.Artistica-Exp.Dramatica_Teatro-1.pdf\">Express\u00e3o Dram\u00e1tica\/Teatro<\/a>, <a href=\"http:\/\/www.aezuff.org\/extranet\/http:\/\/www.aezuff.org\/extranet\/wp-content\/uploads\/2012\/10\/\/2025\/12\/Ed.Artistica-Danca-1.pdf\">Dan\u00e7a<\/a>, <a href=\"http:\/\/www.aezuff.org\/extranet\/http:\/\/www.aezuff.org\/extranet\/wp-content\/uploads\/2012\/10\/\/2025\/12\/Ed.Artistica-Musica-1.pdf\">M\u00fasica<\/a>, <a href=\"http:\/\/www.aezuff.org\/extranet\/http:\/\/www.aezuff.org\/extranet\/wp-content\/uploads\/2012\/10\/\/2025\/12\/Ed.Artistica-Artes_Visuais-1.pdf\">Artes Visuais<\/a> | <a href=\"http:\/\/www.aezuff.org\/extranet\/http:\/\/www.aezuff.org\/extranet\/wp-content\/uploads\/2012\/10\/\/2025\/12\/AEZUFF-Planificacao-da-Av.-EMRC-2025_2026_1o-ciclo.pdf\">EMR<\/a><\/p>\n<hr \/>\n<h3 style=\"text-align: center;\"><span class=\"ms-rteFontSize-2 ms-rteThemeForeColor-2-0\" style=\"color: #339966;\"><strong>2.\u00ba Ciclo<\/strong><\/span><\/h3>\n<table style=\"height: 433px;\" width=\"687\">\n<tbody>\n<tr>\n<td style=\"text-align: center;\" width=\"234\"><a href=\"http:\/\/www.aezuff.org\/extranet\/http:\/\/www.aezuff.org\/extranet\/wp-content\/uploads\/2012\/10\/\/2025\/12\/PORT_2C_PLAN_AVALIACAO.pdf\"><strong><span style=\"color: #339966;\">Portugu\u00eas<\/span><\/strong><\/a><\/td>\n<td width=\"151\">\n<p style=\"text-align: center;\"><a href=\"http:\/\/www.aezuff.org\/extranet\/http:\/\/www.aezuff.org\/extranet\/wp-content\/uploads\/2012\/10\/\/2025\/12\/CN2_PlanAval_2526.pdf\"><strong><span style=\"color: #339966;\">Ci\u00eancias Naturais<\/span><\/strong><\/a><\/p>\n<\/td>\n<td style=\"text-align: center;\" width=\"142\">\n<p style=\"text-align: center;\"><a href=\"http:\/\/www.aezuff.org\/extranet\/http:\/\/www.aezuff.org\/extranet\/wp-content\/uploads\/2012\/10\/\/2025\/12\/Mat2_PlanAval_2526.pdf\"><strong><span style=\"color: #339966;\">Matem\u00e1tica<\/span><\/strong><\/a><\/p>\n<\/td>\n<\/tr>\n<tr>\n<td width=\"234\">\n<p style=\"text-align: center;\"><a href=\"http:\/\/www.aezuff.org\/extranet\/http:\/\/www.aezuff.org\/extranet\/wp-content\/uploads\/2012\/10\/\/2025\/12\/AEZUFF-Planificacao-da-Av-HGP-2025_2026-1.pdf\"><strong><span style=\"color: #339966;\">Hist\u00f3ria e Geografia de Portugal<\/span><\/strong><\/a><\/p>\n<\/td>\n<td style=\"text-align: center;\" width=\"151\"><a href=\"http:\/\/www.aezuff.org\/extranet\/http:\/\/www.aezuff.org\/extranet\/wp-content\/uploads\/2012\/10\/\/2025\/12\/PLANIFICACAO_-AVALIACAO-Ed.-Musical-20252026.pdf\"><strong><span style=\"color: #339966;\">Educa\u00e7\u00e3o Musical<\/span><\/strong><\/a><\/td>\n<td style=\"text-align: center;\" width=\"142\"><strong><span style=\"color: #339966;\">Educa\u00e7\u00e3o Visual<\/span><\/strong><a href=\"http:\/\/www.aezuff.org\/extranet\/http:\/\/www.aezuff.org\/extranet\/wp-content\/uploads\/2012\/10\/\/2025\/12\/PLANIFICACAO-AVALIACAO_EV_2CEB_2025_26.pdf\">http:\/\/www.aezuff.org\/extranet\/http:\/\/www.aezuff.org\/extranet\/wp-content\/uploads\/2012\/10\/\/2025\/12\/PLANIFICACAO-AVALIACAO_EV_2CEB_2025_26.pdf<\/a><\/p>\n<p><strong><span style=\"color: #339966;\">Educa\u00e7\u00e3o Tecnol\u00f3gica<\/span><\/strong><\/p>\n<p><a href=\"http:\/\/www.aezuff.org\/extranet\/http:\/\/www.aezuff.org\/extranet\/wp-content\/uploads\/2012\/10\/\/2025\/12\/PLANIFICACAO-AVALIACAO_ET_2ciclo_2025_26.pdf\">http:\/\/www.aezuff.org\/extranet\/http:\/\/www.aezuff.org\/extranet\/wp-content\/uploads\/2012\/10\/\/2025\/12\/PLANIFICACAO-AVALIACAO_ET_2ciclo_2025_26.pdf<\/a><\/td>\n<\/tr>\n<tr>\n<td style=\"text-align: center;\" width=\"234\">\n<p style=\"text-align: center;\"><span style=\"color: #000000;\"><strong>L\u00edngua Estrangeira<\/strong><\/span><\/p>\n<p style=\"text-align: center;\"><a href=\"http:\/\/www.aezuff.org\/extranet\/http:\/\/www.aezuff.org\/extranet\/wp-content\/uploads\/2012\/10\/\/2025\/12\/INGL_2C_PLANIFAVALIACAO.pdf\"><strong><span style=\"color: #339966;\">Ingl\u00eas<\/span><\/strong><\/a><\/p>\n<\/td>\n<td style=\"text-align: center;\" width=\"151\"><a href=\"http:\/\/www.aezuff.org\/extranet\/http:\/\/www.aezuff.org\/extranet\/wp-content\/uploads\/2012\/10\/\/2025\/12\/AEZUFF-2.oc-Ed.FiscaPlan_Aval_criterios.pdf\"><strong><span style=\"color: #339966;\">Educa\u00e7\u00e3o F\u00edsica<\/span><\/strong><\/a><\/td>\n<td style=\"text-align: center;\" width=\"142\"><span style=\"color: #008080;\"><strong><span style=\"color: #339966;\">CEA (EV\/ET)<\/span><\/strong><\/span><span style=\"color: #008080;\"><strong>\u00a0<\/strong><\/span><a href=\"http:\/\/www.aezuff.org\/extranet\/http:\/\/www.aezuff.org\/extranet\/wp-content\/uploads\/2012\/10\/\/2025\/12\/PLANIFICACAO-AVALIACAO_CEA_EV_ET_2ciclo_2025_26.pdf\">http:\/\/www.aezuff.org\/extranet\/http:\/\/www.aezuff.org\/extranet\/wp-content\/uploads\/2012\/10\/\/2025\/12\/PLANIFICACAO-AVALIACAO_CEA_EV_ET_2ciclo_2025_26.pdf<\/a><\/p>\n<p><a href=\"http:\/\/www.aezuff.org\/extranet\/http:\/\/www.aezuff.org\/extranet\/wp-content\/uploads\/2012\/10\/\/2025\/12\/PLANIFICACAO_-AVALIACAO-Complemento-a-Educacao-Artistica-20252026.pdf\"><span style=\"color: #339966;\"><strong>CEA (Artes Musicais)<\/strong><\/span><\/a><\/td>\n<\/tr>\n<tr>\n<td style=\"text-align: center;\" width=\"234\"><a href=\"http:\/\/www.aezuff.org\/extranet\/http:\/\/www.aezuff.org\/extranet\/wp-content\/uploads\/2012\/10\/\/2025\/12\/TIC2_PlanAval_2526.pdf\"><span style=\"color: #339966;\"><strong>\u00a0TIC<\/strong><\/span><\/a><\/td>\n<td style=\"text-align: center;\" width=\"151\"><span style=\"color: #339966;\"><strong><span style=\"color: #008000;\">\u00a0<\/span><a href=\"http:\/\/www.aezuff.org\/extranet\/http:\/\/www.aezuff.org\/extranet\/wp-content\/uploads\/2012\/10\/\/2025\/12\/AEZUFF-Planificacao-da-Av.-EMRC-2025_2026_2o-ciclo.pdf\"><span style=\"color: #008000;\">EMR<\/span><\/a><\/strong><\/span><\/td>\n<td style=\"text-align: center;\" width=\"142\"><span style=\"color: #000000;\"><strong>Cidadania e Desenvolvimento<\/strong><\/span><a href=\"http:\/\/www.aezuff.org\/extranet\/http:\/\/www.aezuff.org\/extranet\/wp-content\/uploads\/2012\/10\/\/2025\/12\/CD-Planificacao-da-Aval-2025_26-2oCiclo.pdf\"><strong><span style=\"color: #339966;\">2.\u00ba Ciclo<\/span><\/strong><\/a><\/td>\n<\/tr>\n<\/tbody>\n<\/table>\n<h4><\/h4>\n<hr \/>\n<h3 style=\"text-align: center;\"><span style=\"color: #ff6600;\"><strong class=\"ms-rteFontSize-2 ms-rteThemeForeColor-2-0\">3.\u00ba Ciclo<\/strong><\/span><\/h3>\n<table style=\"height: 490px;\" width=\"681\">\n<tbody>\n<tr>\n<td style=\"text-align: center;\" width=\"234\">\n<p style=\"text-align: center;\"><a href=\"http:\/\/www.aezuff.org\/extranet\/http:\/\/www.aezuff.org\/extranet\/wp-content\/uploads\/2012\/10\/\/2025\/12\/FQ_PlanAval_2526.pdf\"><strong><span style=\"color: #ff6600;\">F\u00edsico-Qu\u00edmica<\/span><\/strong><\/a><\/p>\n<\/td>\n<td style=\"text-align: center;\" width=\"151\">\n<p style=\"text-align: center;\"><a href=\"http:\/\/www.aezuff.org\/extranet\/http:\/\/www.aezuff.org\/extranet\/wp-content\/uploads\/2012\/10\/\/2025\/12\/Mat3_PlanAval_2526.pdf\"><strong><span style=\"color: #ff6600;\">Matem\u00e1tica<\/span><\/strong><\/a><\/p>\n<\/td>\n<td width=\"142\">\n<p style=\"text-align: center;\"><span style=\"color: #ff6600;\"><strong>\u00a0<a style=\"color: #ff6600;\" href=\"http:\/\/www.aezuff.org\/extranet\/http:\/\/www.aezuff.org\/extranet\/wp-content\/uploads\/2012\/10\/\/2025\/12\/CN3_PlanAval_2526.pdf\">Ci\u00eancias Naturais<\/a><\/strong><\/span><\/p>\n<\/td>\n<\/tr>\n<tr>\n<td width=\"234\">\n<p style=\"text-align: center;\"><span style=\"color: #000000;\"><strong>L\u00edngua Estrangeira<\/strong><\/span><\/p>\n<p style=\"text-align: center;\"><a href=\"http:\/\/www.aezuff.org\/extranet\/http:\/\/www.aezuff.org\/extranet\/wp-content\/uploads\/2012\/10\/\/2025\/12\/INGL_3C_PLANIF_AVALIACAO.pdf\"><strong><span style=\"color: #ff6600;\">Ingl\u00eas<\/span><\/strong><\/a><\/p>\n<\/td>\n<td style=\"text-align: center;\" width=\"151\">\n<p style=\"text-align: center;\"><a href=\"http:\/\/www.aezuff.org\/extranet\/http:\/\/www.aezuff.org\/extranet\/wp-content\/uploads\/2012\/10\/\/2025\/12\/PORT_3C_PLAN_AVALIACAO.pdf\"><strong><span style=\"color: #ff6600;\">Portugu\u00eas<\/span><\/strong><\/a><\/p>\n<\/td>\n<td style=\"text-align: center;\" width=\"142\">\n<p style=\"text-align: center;\"><span style=\"color: #ff6600;\"><strong>\u00a0<a style=\"color: #ff6600;\" href=\"http:\/\/www.aezuff.org\/extranet\/http:\/\/www.aezuff.org\/extranet\/wp-content\/uploads\/2012\/10\/\/2025\/12\/TIC3_PlanAval_2526.pdf\">TIC<\/a><\/strong><\/span><\/p>\n<\/td>\n<\/tr>\n<tr>\n<td width=\"234\">\n<p style=\"text-align: center;\"><a href=\"http:\/\/www.aezuff.org\/extranet\/http:\/\/www.aezuff.org\/extranet\/wp-content\/uploads\/2012\/10\/\/2025\/12\/AEZUFF-Planificacao-da-Av.-Geografia-2025_2026.pdf\"><strong><span style=\"color: #ff6600;\">Geografia<\/span><\/strong><\/a><\/p>\n<\/td>\n<td style=\"text-align: center;\" width=\"151\"><span style=\"color: #000000;\"><strong>L\u00edngua Estrangeira II<\/strong><\/span><\/p>\n<p><span style=\"color: #ff6600;\"><strong><a style=\"color: #ff6600;\" href=\"http:\/\/www.aezuff.org\/extranet\/http:\/\/www.aezuff.org\/extranet\/wp-content\/uploads\/2012\/10\/\/2025\/12\/FRANC_3C_PLAN_AVALIACAO.pdf\">Franc\u00eas<\/a><\/strong><\/span><\/td>\n<td style=\"text-align: center;\" width=\"142\"><span style=\"color: #ff6600;\"><a style=\"color: #ff6600;\" href=\"http:\/\/www.aezuff.org\/extranet\/http:\/\/www.aezuff.org\/extranet\/wp-content\/uploads\/2012\/10\/\/2025\/12\/AEZUFF-3.oc-Ed.FiscaPlan_Aval_criterios.pdf\"><strong>Educa\u00e7\u00e3o F\u00edsica<\/strong><\/a><\/span><\/td>\n<\/tr>\n<tr>\n<td style=\"text-align: center;\" width=\"234\"><a href=\"http:\/\/www.aezuff.org\/extranet\/http:\/\/www.aezuff.org\/extranet\/wp-content\/uploads\/2012\/10\/\/2025\/12\/AEZUFF-Planificacao-da-Av.-Hist-2025_2026-1.pdf\"><strong><span style=\"color: #ff6600;\">Hist\u00f3ria<\/span><\/strong><\/a><\/td>\n<td style=\"text-align: center;\" width=\"151\"><strong><span style=\"color: #ff6600;\">CEA\u00a0(ET)<\/span><\/strong><a href=\"http:\/\/www.aezuff.org\/extranet\/http:\/\/www.aezuff.org\/extranet\/wp-content\/uploads\/2012\/10\/\/2025\/12\/PLANIFICACAO-AVALIACAO_CEA_ET_3ciclo_2025_26.pdf\">http:\/\/www.aezuff.org\/extranet\/http:\/\/www.aezuff.org\/extranet\/wp-content\/uploads\/2012\/10\/\/2025\/12\/PLANIFICACAO-AVALIACAO_CEA_ET_3ciclo_2025_26.pdf<\/a><\/td>\n<td style=\"text-align: center;\" width=\"142\"><strong><span style=\"color: #ff6600;\">Educa\u00e7\u00e3o Visual<\/span><\/strong><a href=\"http:\/\/www.aezuff.org\/extranet\/http:\/\/www.aezuff.org\/extranet\/wp-content\/uploads\/2012\/10\/\/2025\/12\/PLANIFICACAO-AVALIACAO_EV_3ciclo_2025_26.pdf\">http:\/\/www.aezuff.org\/extranet\/http:\/\/www.aezuff.org\/extranet\/wp-content\/uploads\/2012\/10\/\/2025\/12\/PLANIFICACAO-AVALIACAO_EV_3ciclo_2025_26.pdf<\/a><\/td>\n<\/tr>\n<tr>\n<td style=\"text-align: center;\" width=\"234\"><strong><span style=\"color: #ff6600;\">\u00a0<span style=\"color: #000000;\">Cidadania e Desenvolvimento<\/span><\/span><\/strong><\/p>\n<p><a href=\"http:\/\/www.aezuff.org\/extranet\/http:\/\/www.aezuff.org\/extranet\/wp-content\/uploads\/2012\/10\/\/2025\/12\/CD-Planificacao-da-Aval-2025_26-3oCiclo.pdf\"><strong><span style=\"color: #ff6600;\">3.\u00ba Ciclo<\/span><\/strong><\/a><\/td>\n<td style=\"text-align: center;\" width=\"151\"><strong><span style=\"color: #ff6600;\">\u00a0\u00a0<a style=\"color: #ff6600;\" href=\"http:\/\/www.aezuff.org\/extranet\/http:\/\/www.aezuff.org\/extranet\/wp-content\/uploads\/2012\/10\/\/2025\/12\/AEZUFF-Planificacao-da-Av.-EMRC-2025_2026_3o-ciclo.pdf\">EMR<\/a><\/span><\/strong><\/td>\n<td style=\"text-align: center;\" width=\"142\"><span style=\"color: #000000;\"><strong>\u00a0PLNM<\/strong><\/span><a href=\"http:\/\/www.aezuff.org\/extranet\/http:\/\/www.aezuff.org\/extranet\/wp-content\/uploads\/2012\/10\/\/2025\/12\/PLNM_A1_A2_B1_PlanifAvalALUNOS_2024_2025.pdf\"><strong><span style=\"color: #ff6600;\">A1+A2+B1<\/span><\/strong><\/a><\/td>\n<\/tr>\n<\/tbody>\n<\/table>\n<h3 style=\"text-align: center;\"><\/h3>\n","protected":false},"excerpt":{"rendered":"<p>Departamento Educa\u00e7\u00e3o Pr\u00e9-Escolar Departamento 1.\u00ba Ciclo 1.\u00ba Ano Portugu\u00eas | Matem\u00e1tica | Estudo do Meio | Cidadania e Desenvolvimento | Apoio ao Estudo | Oferta Complementar | Educa\u00e7\u00e3o F\u00edsica | Educa\u00e7\u00e3o Art\u00edstica &#8211; Express\u00e3o&#46;&#46;&#46;<\/p>\n","protected":false},"author":1,"featured_media":6715,"parent":1333,"menu_order":0,"comment_status":"closed","ping_status":"closed","template":"","meta":{"footnotes":""},"_links":{"self":[{"href":"https:\/\/www.aezuff.org\/extranet\/wp-json\/wp\/v2\/pages\/4104"}],"collection":[{"href":"https:\/\/www.aezuff.org\/extranet\/wp-json\/wp\/v2\/pages"}],"about":[{"href":"https:\/\/www.aezuff.org\/extranet\/wp-json\/wp\/v2\/types\/page"}],"author":[{"embeddable":true,"href":"https:\/\/www.aezuff.org\/extranet\/wp-json\/wp\/v2\/users\/1"}],"replies":[{"embeddable":true,"href":"https:\/\/www.aezuff.org\/extranet\/wp-json\/wp\/v2\/comments?post=4104"}],"version-history":[{"count":543,"href":"https:\/\/www.aezuff.org\/extranet\/wp-json\/wp\/v2\/pages\/4104\/revisions"}],"predecessor-version":[{"id":15536,"href":"https:\/\/www.aezuff.org\/extranet\/wp-json\/wp\/v2\/pages\/4104\/revisions\/15536"}],"up":[{"embeddable":true,"href":"https:\/\/www.aezuff.org\/extranet\/wp-json\/wp\/v2\/pages\/1333"}],"wp:featuredmedia":[{"embeddable":true,"href":"https:\/\/www.aezuff.org\/extranet\/wp-json\/wp\/v2\/media\/6715"}],"wp:attachment":[{"href":"https:\/\/www.aezuff.org\/extranet\/wp-json\/wp\/v2\/media?parent=4104"}],"curies":[{"name":"wp","href":"https:\/\/api.w.org\/{rel}","templated":true}]}}